{"id":3118,"date":"2020-11-20T10:28:50","date_gmt":"2020-11-20T09:28:50","guid":{"rendered":"https:\/\/www.gard-camping.com\/nearby\/les-grottes-et-avens\/"},"modified":"2022-06-01T14:31:26","modified_gmt":"2022-06-01T12:31:26","slug":"caves-and-avens","status":"publish","type":"page","link":"https:\/\/www.gard-camping.com\/en\/nearby\/caves-and-avens\/","title":{"rendered":"Caves and Avens"},"content":{"rendered":"<div class=\"fusion-fullwidth fullwidth-box fusion-builder-row-1 nonhundred-percent-fullwidth non-hundred-percent-height-scrolling\" style=\"--awb-border-radius-top-left:0px;--awb-border-radius-top-right:0px;--awb-border-radius-bottom-right:0px;--awb-border-radius-bottom-left:0px;--awb-flex-wrap:wrap;\" ><div class=\"fusion-builder-row fusion-row\"><div class=\"fusion-layout-column fusion_builder_column fusion-builder-column-0 fusion_builder_column_1_1 1_1 fusion-one-full fusion-column-first fusion-column-last\" style=\"--awb-bg-size:cover;\"><div class=\"fusion-column-wrapper fusion-column-has-shadow fusion-flex-column-wrapper-legacy\"><div class=\"fusion-title title fusion-title-1 fusion-sep-none fusion-title-center fusion-title-highlight fusion-animate-once fusion-highlight-underline fusion-title-size-two title-max\" data-highlight=\"underline\"><h2 class=\"fusion-title-heading title-heading-center fusion-responsive-typography-calculated\" style=\"margin:0;--fontSize:24;--minFontSize:24;line-height:1.5;\"><span class=\"fusion-highlighted-text-prefix\"><\/span> <span class=\"fusion-highlighted-text-wrapper\"><span class=\"fusion-highlighted-text\">Caves and Avens<\/span><svg xmlns=\"http:\/\/www.w3.org\/2000\/svg\" viewBox=\"0 0 500 150\" preserveAspectRatio=\"none\"><path d=\"M8.1,146.2c0,0,240.6-55.6,479-13.8\"><\/path><\/svg><\/span> <span class=\"fusion-highlighted-text-postfix\"><\/span><\/h2><\/div><div class=\"fusion-sep-clear\"><\/div><div class=\"fusion-separator fusion-full-width-sep\" style=\"margin-left: auto;margin-right: auto;margin-top:15px;width:100%;\"><\/div><div class=\"fusion-sep-clear\"><\/div><div class=\"fusion-clearfix\"><\/div><\/div><\/div><div class=\"fusion-layout-column fusion_builder_column fusion-builder-column-1 fusion_builder_column_3_5 3_5 fusion-three-fifth fusion-column-first\" style=\"--awb-bg-size:cover;width:60%;width:calc(60% - ( ( 4% ) * 0.6 ) );margin-right: 4%;\"><div class=\"fusion-column-wrapper fusion-column-has-shadow fusion-flex-column-wrapper-legacy\"><div class=\"fusion-title title fusion-title-2 fusion-sep-none fusion-title-text fusion-title-size-three\"><h3 class=\"fusion-title-heading title-heading-left fusion-responsive-typography-calculated\" style=\"margin:0;--fontSize:18;--minFontSize:18;line-height:1.5;\">The cave of Aven d&#8217;Orgnac<\/h3><\/div><div class=\"fusion-text fusion-text-1\"><p>An invitation to contemplation, the Cave surprises with its gigantic volumes and the beauty of its underground landscapes where fine crystallizations and rich concretions intermingle.<\/p>\n<p>During the one-hour visit, a passionate guide will reveal the genius of Mother Nature who has been shaping a chimeric world for millions of years. This fabulous descent transports young and old alike into a world where imagination has no limits: piles of plates, a forest of giant palm trees, draperies, &#8230;<\/p>\n<\/div><div class=\"fusion-text fusion-text-2\"><p><strong>Address<\/strong>: 2240 Route de l&#8217;Aven &#8211; 07150 Orgnac<br \/>\n<strong>Telephone<\/strong>: 0033 4 75 38 65 10<\/p>\n<\/div><div class=\"fusion-clearfix\"><\/div><\/div><\/div><div class=\"fusion-layout-column fusion_builder_column fusion-builder-column-2 fusion_builder_column_2_5 2_5 fusion-two-fifth fusion-column-last galerie\" style=\"--awb-bg-size:cover;width:40%;width:calc(40% - ( ( 4% ) * 0.4 ) );\"><div class=\"fusion-column-wrapper fusion-column-has-shadow fusion-flex-column-wrapper-legacy\"><div class=\"fusion-image-element fusion-image-align-center in-legacy-container\" style=\"text-align:center;--awb-caption-title-font-family:var(--h2_typography-font-family);--awb-caption-title-font-weight:var(--h2_typography-font-weight);--awb-caption-title-font-style:var(--h2_typography-font-style);--awb-caption-title-size:var(--h2_typography-font-size);--awb-caption-title-transform:var(--h2_typography-text-transform);--awb-caption-title-line-height:var(--h2_typography-line-height);--awb-caption-title-letter-spacing:var(--h2_typography-letter-spacing);\"><div class=\"imageframe-align-center\"><span class=\" fusion-imageframe imageframe-none imageframe-1 hover-type-none\"><a href=\"https:\/\/www.gard-camping.com\/wp-content\/uploads\/aven-d-orgnac.jpg\" class=\"fusion-lightbox\" data-rel=\"iLightbox[e37e7361c20453bb402]\" data-title=\"The cave of Aven d\u2019Orgnac\" title=\"The cave of Aven d\u2019Orgnac\"><img decoding=\"async\" width=\"600\" height=\"300\" alt=\"The cave of Aven d&#039;Orgnac\" src=\"data:image\/svg+xml,%3Csvg%20xmlns%3D%27http%3A%2F%2Fwww.w3.org%2F2000%2Fsvg%27%20width%3D%27849%27%20height%3D%27566%27%20viewBox%3D%270%200%20849%20566%27%3E%3Crect%20width%3D%27849%27%20height%3D%27566%27%20fill-opacity%3D%220%22%2F%3E%3C%2Fsvg%3E\" data-orig-src=\"https:\/\/www.gard-camping.com\/wp-content\/uploads\/aven-d-orgnac-600x300.jpg\" class=\"lazyload img-responsive wp-image-2251\"\/><\/a><\/span><\/div><\/div><div class=\"fusion-sep-clear\"><\/div><div class=\"fusion-separator fusion-full-width-sep\" style=\"margin-left: auto;margin-right: auto;margin-top:15px;width:100%;\"><\/div><div class=\"fusion-sep-clear\"><\/div><div class=\"fusion-clearfix\"><\/div><\/div><\/div><div class=\"fusion-layout-column fusion_builder_column fusion-builder-column-3 fusion_builder_column_3_5 3_5 fusion-three-fifth fusion-column-first\" style=\"--awb-bg-size:cover;width:60%;width:calc(60% - ( ( 4% ) * 0.6 ) );margin-right: 4%;\"><div class=\"fusion-column-wrapper fusion-column-has-shadow fusion-flex-column-wrapper-legacy\"><div class=\"fusion-title title fusion-title-3 fusion-sep-none fusion-title-text fusion-title-size-three\"><h3 class=\"fusion-title-heading title-heading-left fusion-responsive-typography-calculated\" style=\"margin:0;--fontSize:18;--minFontSize:18;line-height:1.5;\">The Salamander Cave<\/h3><\/div><div class=\"fusion-text fusion-text-3\"><p>The Salamander Cave is an enormous fairy-tale cave decorated with the Crystal Giants, titanic stalagmites in colour and sound. It is accessible to all and offers activities for everyone!<\/p>\n<p>Discovered in 1965, opened to the public in 2013, gold medal of tourism 2015, today it welcomes all publics in a fairy tale of lights and sounds, where &#8220;natural&#8221; lighting alternates with incredible colours.<\/p>\n<\/div><div class=\"fusion-text fusion-text-4\"><p><strong>Address<\/strong>: Chemin de la Place du Roy &#8211; 30430 M\u00e9jannes-le-Clap<br \/>\n<strong>Telephone<\/strong>: 0033 4 66 60 06 00<\/p>\n<\/div><div class=\"fusion-clearfix\"><\/div><\/div><\/div><div class=\"fusion-layout-column fusion_builder_column fusion-builder-column-4 fusion_builder_column_2_5 2_5 fusion-two-fifth fusion-column-last galerie\" style=\"--awb-bg-size:cover;width:40%;width:calc(40% - ( ( 4% ) * 0.4 ) );\"><div class=\"fusion-column-wrapper fusion-column-has-shadow fusion-flex-column-wrapper-legacy\"><div class=\"fusion-image-element fusion-image-align-center in-legacy-container\" style=\"text-align:center;--awb-caption-title-font-family:var(--h2_typography-font-family);--awb-caption-title-font-weight:var(--h2_typography-font-weight);--awb-caption-title-font-style:var(--h2_typography-font-style);--awb-caption-title-size:var(--h2_typography-font-size);--awb-caption-title-transform:var(--h2_typography-text-transform);--awb-caption-title-line-height:var(--h2_typography-line-height);--awb-caption-title-letter-spacing:var(--h2_typography-letter-spacing);\"><div class=\"imageframe-align-center\"><span class=\" fusion-imageframe imageframe-none imageframe-2 hover-type-none\"><a href=\"https:\/\/www.gard-camping.com\/wp-content\/uploads\/grotte-de-la-salamandre.jpg\" class=\"fusion-lightbox\" data-rel=\"iLightbox[8e235d98838eb922514]\" data-title=\"The Salamander Cave\" title=\"The Salamander Cave\"><img decoding=\"async\" width=\"600\" height=\"300\" alt=\"The Salamander Cave\" src=\"data:image\/svg+xml,%3Csvg%20xmlns%3D%27http%3A%2F%2Fwww.w3.org%2F2000%2Fsvg%27%20width%3D%271400%27%20height%3D%27933%27%20viewBox%3D%270%200%201400%20933%27%3E%3Crect%20width%3D%271400%27%20height%3D%27933%27%20fill-opacity%3D%220%22%2F%3E%3C%2Fsvg%3E\" data-orig-src=\"https:\/\/www.gard-camping.com\/wp-content\/uploads\/grotte-de-la-salamandre-600x300.jpg\" class=\"lazyload img-responsive wp-image-2266\"\/><\/a><\/span><\/div><\/div><div class=\"fusion-sep-clear\"><\/div><div class=\"fusion-separator fusion-full-width-sep\" style=\"margin-left: auto;margin-right: auto;margin-top:15px;width:100%;\"><\/div><div class=\"fusion-sep-clear\"><\/div><div class=\"fusion-clearfix\"><\/div><\/div><\/div><div class=\"fusion-layout-column fusion_builder_column fusion-builder-column-5 fusion_builder_column_3_5 3_5 fusion-three-fifth fusion-column-first\" style=\"--awb-bg-size:cover;width:60%;width:calc(60% - ( ( 4% ) * 0.6 ) );margin-right: 4%;\"><div class=\"fusion-column-wrapper fusion-column-has-shadow fusion-flex-column-wrapper-legacy\"><div class=\"fusion-title title fusion-title-4 fusion-sep-none fusion-title-text fusion-title-size-three\"><h3 class=\"fusion-title-heading title-heading-left fusion-responsive-typography-calculated\" style=\"margin:0;--fontSize:18;--minFontSize:18;line-height:1.5;\">The Saint Marcel cave<\/h3><\/div><div class=\"fusion-text fusion-text-5\"><p>In the heart of the Gorges of the Ard\u00e8che, the cave of Saint-Marcel will seduce you by the extent of its galleries and the richness of its concretions, including the bewitching Gours waterfall, unique in Europe. Themed tours. Duration of visit 1 hour &#8211; 2 sound and light shows.<br \/>\nListed as a National Heritage site for its geological and archaeological interest, the cave of Saint-Marcel is &#8211; with its 60 km of networks &#8211; one of the largest cavities in France.<\/p>\n<p>Over 500 m. of visit, following the traces of the fossil river you will discover immense rooms and galleries finely sculpted by the work of water. Magnified by 2 sound and light shows, the Cathedral hall will reveal its immense concretions, and the sublime Gours waterfall, its string of more than a hundred calcite basins of water, unique in Europe!<\/p>\n<\/div><div class=\"fusion-text fusion-text-6\"><p><strong>Address<\/strong>: 2759 route touristique des gorges de l&#8217;Ard\u00e8che &#8211; 07700 Bidon<br \/>\n<strong>Telephone<\/strong>: 0033 4 75 04 38 07<\/p>\n<\/div><div class=\"fusion-clearfix\"><\/div><\/div><\/div><div class=\"fusion-layout-column fusion_builder_column fusion-builder-column-6 fusion_builder_column_2_5 2_5 fusion-two-fifth fusion-column-last galerie\" style=\"--awb-bg-size:cover;width:40%;width:calc(40% - ( ( 4% ) * 0.4 ) );\"><div class=\"fusion-column-wrapper fusion-column-has-shadow fusion-flex-column-wrapper-legacy\"><div class=\"fusion-image-element fusion-image-align-center in-legacy-container\" style=\"text-align:center;--awb-caption-title-font-family:var(--h2_typography-font-family);--awb-caption-title-font-weight:var(--h2_typography-font-weight);--awb-caption-title-font-style:var(--h2_typography-font-style);--awb-caption-title-size:var(--h2_typography-font-size);--awb-caption-title-transform:var(--h2_typography-text-transform);--awb-caption-title-line-height:var(--h2_typography-line-height);--awb-caption-title-letter-spacing:var(--h2_typography-letter-spacing);\"><div class=\"imageframe-align-center\"><span class=\" fusion-imageframe imageframe-none imageframe-3 hover-type-none\"><a href=\"https:\/\/www.gard-camping.com\/wp-content\/uploads\/grotte-saint-marcel.jpg\" class=\"fusion-lightbox\" data-rel=\"iLightbox[d32786075b80f4fdaba]\" data-title=\"The Saint Marcel cave\" title=\"The Saint Marcel cave\"><img decoding=\"async\" width=\"600\" height=\"300\" alt=\"The Saint Marcel cave\" src=\"data:image\/svg+xml,%3Csvg%20xmlns%3D%27http%3A%2F%2Fwww.w3.org%2F2000%2Fsvg%27%20width%3D%271056%27%20height%3D%27704%27%20viewBox%3D%270%200%201056%20704%27%3E%3Crect%20width%3D%271056%27%20height%3D%27704%27%20fill-opacity%3D%220%22%2F%3E%3C%2Fsvg%3E\" data-orig-src=\"https:\/\/www.gard-camping.com\/wp-content\/uploads\/grotte-saint-marcel-600x300.jpg\" class=\"lazyload img-responsive wp-image-2248\"\/><\/a><\/span><\/div><\/div><div class=\"fusion-sep-clear\"><\/div><div class=\"fusion-separator fusion-full-width-sep\" style=\"margin-left: auto;margin-right: auto;margin-top:15px;width:100%;\"><\/div><div class=\"fusion-sep-clear\"><\/div><div class=\"fusion-clearfix\"><\/div><\/div><\/div><div class=\"fusion-layout-column fusion_builder_column fusion-builder-column-7 fusion_builder_column_3_5 3_5 fusion-three-fifth fusion-column-first\" style=\"--awb-bg-size:cover;width:60%;width:calc(60% - ( ( 4% ) * 0.6 ) );margin-right: 4%;\"><div class=\"fusion-column-wrapper fusion-column-has-shadow fusion-flex-column-wrapper-legacy\"><div class=\"fusion-title title fusion-title-5 fusion-sep-none fusion-title-text fusion-title-size-three\"><h3 class=\"fusion-title-heading title-heading-left fusion-responsive-typography-calculated\" style=\"margin:0;--fontSize:18;--minFontSize:18;line-height:1.5;\">The cave of La Cocali\u00e8re<\/h3><\/div><div class=\"fusion-text fusion-text-7\"><p>La Cocali\u00e8re cave is located in the community of Courry, between Al\u00e8s and Aubenas in the Ard\u00e8che.<\/p>\n<p>It opens at the foot of the C\u00e9vennes National Park, a world biosphere reserve whose main mission is to protect all forms of heritage.<\/p>\n<\/div><div class=\"fusion-text fusion-text-8\"><p><strong>Address<\/strong>: 30500 Courry<br \/>\n<strong>Telephone<\/strong>: 0033 4 66 24 34 74<\/p>\n<\/div><div class=\"fusion-clearfix\"><\/div><\/div><\/div><div class=\"fusion-layout-column fusion_builder_column fusion-builder-column-8 fusion_builder_column_2_5 2_5 fusion-two-fifth fusion-column-last galerie\" style=\"--awb-bg-size:cover;width:40%;width:calc(40% - ( ( 4% ) * 0.4 ) );\"><div class=\"fusion-column-wrapper fusion-column-has-shadow fusion-flex-column-wrapper-legacy\"><div class=\"fusion-image-element fusion-image-align-center in-legacy-container\" style=\"text-align:center;--awb-caption-title-font-family:var(--h2_typography-font-family);--awb-caption-title-font-weight:var(--h2_typography-font-weight);--awb-caption-title-font-style:var(--h2_typography-font-style);--awb-caption-title-size:var(--h2_typography-font-size);--awb-caption-title-transform:var(--h2_typography-text-transform);--awb-caption-title-line-height:var(--h2_typography-line-height);--awb-caption-title-letter-spacing:var(--h2_typography-letter-spacing);\"><div class=\"imageframe-align-center\"><span class=\" fusion-imageframe imageframe-none imageframe-4 hover-type-none\"><img decoding=\"async\" width=\"600\" height=\"300\" alt=\"The cave of La Cocali\u00e8re\" src=\"https:\/\/www.gard-camping.com\/wp-content\/uploads\/img.jpg\" data-orig-src=\"https:\/\/www.gard-camping.com\/wp-content\/uploads\/img-600x300.jpg\" class=\"lazyload img-responsive wp-image-2044\" srcset=\"data:image\/svg+xml,%3Csvg%20xmlns%3D%27http%3A%2F%2Fwww.w3.org%2F2000%2Fsvg%27%20width%3D%27800%27%20height%3D%27800%27%20viewBox%3D%270%200%20800%20800%27%3E%3Crect%20width%3D%27800%27%20height%3D%27800%27%20fill-opacity%3D%220%22%2F%3E%3C%2Fsvg%3E\" data-srcset=\"https:\/\/www.gard-camping.com\/wp-content\/uploads\/img-600x300.jpg 600w, https:\/\/www.gard-camping.com\/wp-content\/uploads\/img-800x400.jpg 800w\" data-sizes=\"auto\" data-orig-sizes=\"(max-width: 1000px) 100vw, 600px\" \/><\/span><\/div><\/div><div class=\"fusion-sep-clear\"><\/div><div class=\"fusion-separator fusion-full-width-sep\" style=\"margin-left: auto;margin-right: auto;margin-top:15px;width:100%;\"><\/div><div class=\"fusion-sep-clear\"><\/div><div class=\"fusion-clearfix\"><\/div><\/div><\/div><\/div><\/div>\n","protected":false},"excerpt":{"rendered":"","protected":false},"author":1,"featured_media":0,"parent":1764,"menu_order":0,"comment_status":"closed","ping_status":"closed","template":"100-width.php","meta":{"_acf_changed":false,"footnotes":""},"class_list":["post-3118","page","type-page","status-publish","hentry"],"acf":[],"_links":{"self":[{"href":"https:\/\/www.gard-camping.com\/en\/wp-json\/wp\/v2\/pages\/3118","targetHints":{"allow":["GET"]}}],"collection":[{"href":"https:\/\/www.gard-camping.com\/en\/wp-json\/wp\/v2\/pages"}],"about":[{"href":"https:\/\/www.gard-camping.com\/en\/wp-json\/wp\/v2\/types\/page"}],"author":[{"embeddable":true,"href":"https:\/\/www.gard-camping.com\/en\/wp-json\/wp\/v2\/users\/1"}],"replies":[{"embeddable":true,"href":"https:\/\/www.gard-camping.com\/en\/wp-json\/wp\/v2\/comments?post=3118"}],"version-history":[{"count":5,"href":"https:\/\/www.gard-camping.com\/en\/wp-json\/wp\/v2\/pages\/3118\/revisions"}],"predecessor-version":[{"id":3764,"href":"https:\/\/www.gard-camping.com\/en\/wp-json\/wp\/v2\/pages\/3118\/revisions\/3764"}],"up":[{"embeddable":true,"href":"https:\/\/www.gard-camping.com\/en\/wp-json\/wp\/v2\/pages\/1764"}],"wp:attachment":[{"href":"https:\/\/www.gard-camping.com\/en\/wp-json\/wp\/v2\/media?parent=3118"}],"curies":[{"name":"wp","href":"https:\/\/api.w.org\/{rel}","templated":true}]}}